{"id":947,"date":"2021-09-03T10:35:17","date_gmt":"2021-09-03T08:35:17","guid":{"rendered":"https:\/\/www.katharinaklutz.de\/hochzeit\/highlight-pro\/"},"modified":"2025-09-01T20:28:23","modified_gmt":"2025-09-01T18:28:23","slug":"highlight-pro","status":"publish","type":"page","link":"https:\/\/www.katharinaklutz.de\/hochzeit\/","title":{"rendered":"Front Page"},"content":{"rendered":"<div  data-label=\"Freie Trauung\" data-id=\"content--4\" data-export-id=\"content-17\" data-category=\"content\" class=\"content-17 content-section content-section-spacing\" id=\"freie-trauung\" style=\"background-color: rgb(255, 255, 255);\" data-bullets-visibility=\"true\"><div  class=\"gridContainer\"> <div  class=\"row middle-sm\"><div  class=\"col-sm-6 space-bottom-xs\" data-type=\"column\"> <h2  class=\"\">Die freie Trauung<\/h2>  <p  class=\"lead\">Ich freue mich, dass ihr mich hier auf meiner Seite besucht. Ihr werdet heiraten? Dazu m\u00f6chte ich euch ganz herzlich gratulieren! Nun beginnt die spannende Zeit der Hochzeitsvorbereitungen und es w\u00fcrde mich sehr freuen, wenn ich an eurer Seite stehen und eure Geschichte erz\u00e4hlen darf. \n<br >Wie sich so eine freie Trauung mit mir anf\u00fchlt? Romantisch, ohne kitschig zu sein. Feierlich, ohne formell zu wirken. Lustig und gleichzeitig ber\u00fchrend.\n<br ><br >\nSeit \u00fcber 17 Jahren begleite ich Hochzeitspaare als freie Rednerin und S\u00e4ngerin. \u00dcber 500 Zeremonien habe ich durchgef\u00fchrt und es ist jedes Mal ein Privileg f\u00fcr mich, denn ich darf eines der sch\u00f6nsten Lebensfeste \u00fcberhaupt mitgestalten: Die Hochzeit!\n<br ><br >\nIch m\u00f6chte eure freie Trauung so gestalten, dass ihr euch wohl und verstanden f\u00fchlt. Wenn ihr happy seid, bin ich es auch (und eure G\u00e4ste erst recht!). &nbsp;Klingt das sch\u00f6n f\u00fcr euch? Dann freue ich mich, von euch zu h\u00f6ren.<\/p><\/div> <div  class=\"col-sm-6 flexbox around-xs top-xs space-top-xs space-bottom-xs\"><div  class=\"overlay-box flexbox middle-xs center-xs overlay-holder\"> <div  class=\"overlay-box-offset offset-background shadow-medium bg-color2 hide-xs\"><\/div> <img  decoding=\"async\" class=\"flexbox shadow-large img1\" data-size=\"500x500\" src=\"https:\/\/www.katharinaklutz.de\/hochzeit\/wp-content\/uploads\/2025\/07\/cropped-IMG_9606-scaled-1.jpeg\" title=\"Covershooting Hochzeitstr\u00e4ume Sachsen 2026\" alt=\"\"><\/div> <\/div><\/div> <\/div><\/div><div  data-label=\"Video\" data-id=\"about--2\" data-export-id=\"about-2\" data-category=\"about\" class=\"about-2 content-section content-section-spacing\" id=\"video\" style=\"background-color: rgb(255, 255, 255);\"><div  class=\"gridContainer\"> <div  class=\"row\"><div  class=\"col-sm-6 no-gutter-col flexbox-strech center-xs middle-xs\"> <div  class=\"lightbox-video dark-overlay shadow-large overlap-right-large flexbox middle-xs center-xs\" data-type=\"group\" data-bg=\"image\" style=\"background-image: url(&quot;https:\/\/www.katharinaklutz.de\/hochzeit\/wp-content\/uploads\/2025\/07\/cropped-cropped-Facetune_23-07-2025-22-53-08.jpeg&quot;);\"> <a  data-fancybox=\"\" data-video-lightbox=\"true\" href=\"https:\/\/youtu.be\/DyJmPqwPkb8?feature=shared\" class=\"\"> <i  data-cp-fa=\"true\" class=\"fa video-icon fa-youtube-play color-white\"><\/i><\/a> <\/div><\/div> <div  class=\"col-sm-6 space-bottom-xs col-padding-small-xs col-sm-padding-large white-text content-col bg-color5\" data-type=\"column\"> <h2  class=\"\">Hochzeit von Janine &amp; Michael&nbsp;<\/h2> <p  class=\"lead\"><span  style=\"font-weight: 400;\">Am Cospudener See feierten Janine &amp; Micha ihre Sommerhochzeit bei strahlendem Sonnenschein. Warum ewig warten, dachten sich die beiden. Sie sp\u00fcrten schnell: Das ist sie, die gro\u00dfe Liebe!&nbsp;<\/span><\/p><\/div> <\/div><\/div> <\/div><div  data-label=\"Gesang\" data-id=\"content--1\" data-export-id=\"content-19-2\" data-category=\"content\" class=\"content-19-2 content-section content-section-spacing white-text\" id=\"gesang\" style=\"background-image: none; background-color: rgb(209, 166, 170);\" data-bullets-visibility=\"true\"><div  class=\"gridContainer\"> <div  class=\"row\"><div  class=\"col-sm-5 flexbox-strech center-xs middle-xs no-gutter-col\"> <div  class=\"flexbox middle-xs center-xs right-img\" data-bg=\"image\" style=\"background-image: url(&quot;https:\/\/www.katharinaklutz.de\/hochzeit\/wp-content\/uploads\/2025\/07\/cropped-101-FreyasFineWeddings-101-Kulturgut-Thallwitz-Hochzeit-1-scaled-1.jpeg&quot;);\"><\/div><\/div> <div  data-type=\"column\" class=\"col-sm-6 content-col text-center content-section-spacing space-bottom-xs shadow\"><i  class=\"fa icon fa-music big color1\"><\/i> <h2  class=\"font-300\" style=\"text-align: left;\">Musik f\u00fcr eure Trauung <\/h2>   <p  class=\"lead\" style=\"text-align: left;\">Die Musik kann das ausdr\u00fccken, wof\u00fcr es manchmal kaum Worte gibt. Vielleicht habt ihr einen Song, der euch an eure Kennenlernzeit erinnert oder an andere besondere Momente. Gern setze ich bestehende W\u00fcnsche um oder inspiriere euch, wie wir eurer Zeremonie mit Live-Gesang zus\u00e4tzlich eine ber\u00fchrende Note verleihen. Auf Wunsch k\u00f6nnt ihr auch die Kombination aus Rede und Gesang buchen.<\/p><a  class=\"button big color1\" href=\"https:\/\/www.youtube.com\/user\/Katharina43gMeer\/videos\" target=\"_blank\" data-cp-link=\"1\" data-icon=\"fa-youtube-square\" rel=\"noopener\"><span  class=\"button-icon fa fa-youtube-square\"><\/span>Zum YouTube Kanal<\/a><\/div> <\/div><\/div> <\/div><div  data-label=\"Impressionen\" data-id=\"gallery--1\" data-export-id=\"gallery-1\" data-category=\"gallery\" class=\"gallery-1 content-section content-section-spacing\" id=\"impressionen-1\" style=\"background-color: rgb(255, 255, 255);\" data-bullets-visibility=\"true\"><div  class=\"gridContainer\"> <div  class=\"row\"><div  class=\"section-title-col\" data-type=\"column\"> <h2  class=\"\">Gesichter voller Gl\u00fcck<\/h2> <\/div> <\/div> <div  class=\"row text-center\"> <div  class=\"col-xs-12\" data-editable=\"true\" data-content-shortcode=\"mesmerize_gallery id=&quot;mesmerize-gallery-1&quot; columns=&quot;4&quot; ids=&quot;1266,1126,1209,1267,1212,1148,1150,1154,1133,1097,1242,1098,1264,1112,851,825,1105,1223,941,1206,1079,1094,1066,931,1080,1111,1208,1265&quot; lb=&quot;1&quot; masonry=&quot;1&quot; size=&quot;medium&quot; link=&quot;file&quot; \"><div id='mesmerize-gallery-1' class='gallery-wrapper'><style type=\"text\/css\">\n                    @media only screen and (min-width: 768px) {\n                    [data-unique-id='mesmerize-gallery-1-69f587f1e7822'] dl {\n                        float: left;\n                        width: 25% !important;\n                        max-width:  25% !important;\n                        min-width:  25% !important;\n                    }\n\n                    [data-unique-id='mesmerize-gallery-1-69f587f1e7822'] dl:nth-of-type(4n +1 ) {\n                      clear: both;\n                      }\n                    }\n                <\/style><div id='mesmerize-gallery-1' class='mesmerize-gallery-1-dls-wrapper gallery-items-wrapper materialis-gallery' data-unique-id='mesmerize-gallery-1-69f587f1e7822'><dl class='gallery-item'>\n\t\t\t<dt class='gallery-icon portrait'>\n\t\t\t\t<a data-fancybox=\"mesmerize-gallery-1-group\" href='https:\/\/www.katharinaklutz.de\/hochzeit\/wp-content\/uploads\/2025\/09\/IMG_9729-scaled.jpeg'><img loading=\"lazy\" decoding=\"async\"  width=\"225\" height=\"300\" src=\"https:\/\/www.katharinaklutz.de\/hochzeit\/wp-content\/uploads\/2025\/09\/IMG_9729-225x300.jpeg\"  class='mesmerize-gallery-1-image' alt=\"\" srcset=\"https:\/\/www.katharinaklutz.de\/hochzeit\/wp-content\/uploads\/2025\/09\/IMG_9729-225x300.jpeg 225w, https:\/\/www.katharinaklutz.de\/hochzeit\/wp-content\/uploads\/2025\/09\/IMG_9729-768x1024.jpeg 768w, https:\/\/www.katharinaklutz.de\/hochzeit\/wp-content\/uploads\/2025\/09\/IMG_9729-113x150.jpeg 113w, https:\/\/www.katharinaklutz.de\/hochzeit\/wp-content\/uploads\/2025\/09\/IMG_9729-1152x1536.jpeg 1152w, https:\/\/www.katharinaklutz.de\/hochzeit\/wp-content\/uploads\/2025\/09\/IMG_9729-1536x2048.jpeg 1536w, https:\/\/www.katharinaklutz.de\/hochzeit\/wp-content\/uploads\/2025\/09\/IMG_9729-1024x1365.jpeg 1024w, https:\/\/www.katharinaklutz.de\/hochzeit\/wp-content\/uploads\/2025\/09\/IMG_9729-810x1080.jpeg 810w, https:\/\/www.katharinaklutz.de\/hochzeit\/wp-content\/uploads\/2025\/09\/IMG_9729-scaled.jpeg 1920w\" sizes=\"auto, (max-width: 225px) 100vw, 225px\" \/><\/a>\n\t\t\t<\/dt><\/dl><dl class='gallery-item'>\n\t\t\t<dt class='gallery-icon portrait'>\n\t\t\t\t<a data-fancybox=\"mesmerize-gallery-1-group\" href='https:\/\/www.katharinaklutz.de\/hochzeit\/wp-content\/uploads\/2023\/08\/IMG_6614.jpeg'><img loading=\"lazy\" decoding=\"async\"  width=\"200\" height=\"300\" src=\"https:\/\/www.katharinaklutz.de\/hochzeit\/wp-content\/uploads\/2023\/08\/IMG_6614-200x300.jpeg\"  class='mesmerize-gallery-1-image' alt=\"\" srcset=\"https:\/\/www.katharinaklutz.de\/hochzeit\/wp-content\/uploads\/2023\/08\/IMG_6614-200x300.jpeg 200w, https:\/\/www.katharinaklutz.de\/hochzeit\/wp-content\/uploads\/2023\/08\/IMG_6614-683x1024.jpeg 683w, https:\/\/www.katharinaklutz.de\/hochzeit\/wp-content\/uploads\/2023\/08\/IMG_6614-100x150.jpeg 100w, https:\/\/www.katharinaklutz.de\/hochzeit\/wp-content\/uploads\/2023\/08\/IMG_6614-768x1152.jpeg 768w, https:\/\/www.katharinaklutz.de\/hochzeit\/wp-content\/uploads\/2023\/08\/IMG_6614-1024x1536.jpeg 1024w, https:\/\/www.katharinaklutz.de\/hochzeit\/wp-content\/uploads\/2023\/08\/IMG_6614-720x1080.jpeg 720w, https:\/\/www.katharinaklutz.de\/hochzeit\/wp-content\/uploads\/2023\/08\/IMG_6614.jpeg 1365w\" sizes=\"auto, (max-width: 200px) 100vw, 200px\" \/><\/a>\n\t\t\t<\/dt><\/dl><dl class='gallery-item'>\n\t\t\t<dt class='gallery-icon landscape'>\n\t\t\t\t<a data-fancybox=\"mesmerize-gallery-1-group\" href='https:\/\/www.katharinaklutz.de\/hochzeit\/wp-content\/uploads\/2025\/07\/36-FreyasFineWeddings-36-Kulturgut-Thallwitz-Hochzeit-scaled.jpeg'><img loading=\"lazy\" decoding=\"async\"  width=\"300\" height=\"200\" src=\"https:\/\/www.katharinaklutz.de\/hochzeit\/wp-content\/uploads\/2025\/07\/36-FreyasFineWeddings-36-Kulturgut-Thallwitz-Hochzeit-300x200.jpeg\"  class='mesmerize-gallery-1-image' alt=\"\" srcset=\"https:\/\/www.katharinaklutz.de\/hochzeit\/wp-content\/uploads\/2025\/07\/36-FreyasFineWeddings-36-Kulturgut-Thallwitz-Hochzeit-300x200.jpeg 300w, https:\/\/www.katharinaklutz.de\/hochzeit\/wp-content\/uploads\/2025\/07\/36-FreyasFineWeddings-36-Kulturgut-Thallwitz-Hochzeit-1024x683.jpeg 1024w, https:\/\/www.katharinaklutz.de\/hochzeit\/wp-content\/uploads\/2025\/07\/36-FreyasFineWeddings-36-Kulturgut-Thallwitz-Hochzeit-150x100.jpeg 150w, https:\/\/www.katharinaklutz.de\/hochzeit\/wp-content\/uploads\/2025\/07\/36-FreyasFineWeddings-36-Kulturgut-Thallwitz-Hochzeit-768x512.jpeg 768w, https:\/\/www.katharinaklutz.de\/hochzeit\/wp-content\/uploads\/2025\/07\/36-FreyasFineWeddings-36-Kulturgut-Thallwitz-Hochzeit-1536x1024.jpeg 1536w, https:\/\/www.katharinaklutz.de\/hochzeit\/wp-content\/uploads\/2025\/07\/36-FreyasFineWeddings-36-Kulturgut-Thallwitz-Hochzeit-2048x1365.jpeg 2048w, https:\/\/www.katharinaklutz.de\/hochzeit\/wp-content\/uploads\/2025\/07\/36-FreyasFineWeddings-36-Kulturgut-Thallwitz-Hochzeit-1620x1080.jpeg 1620w\" sizes=\"auto, (max-width: 300px) 100vw, 300px\" \/><\/a>\n\t\t\t<\/dt><\/dl><dl class='gallery-item'>\n\t\t\t<dt class='gallery-icon landscape'>\n\t\t\t\t<a data-fancybox=\"mesmerize-gallery-1-group\" href='https:\/\/www.katharinaklutz.de\/hochzeit\/wp-content\/uploads\/2025\/09\/IMG_0115.jpeg'><img loading=\"lazy\" decoding=\"async\"  width=\"300\" height=\"200\" src=\"https:\/\/www.katharinaklutz.de\/hochzeit\/wp-content\/uploads\/2025\/09\/IMG_0115-300x200.jpeg\"  class='mesmerize-gallery-1-image' alt=\"\" srcset=\"https:\/\/www.katharinaklutz.de\/hochzeit\/wp-content\/uploads\/2025\/09\/IMG_0115-300x200.jpeg 300w, https:\/\/www.katharinaklutz.de\/hochzeit\/wp-content\/uploads\/2025\/09\/IMG_0115-1024x683.jpeg 1024w, https:\/\/www.katharinaklutz.de\/hochzeit\/wp-content\/uploads\/2025\/09\/IMG_0115-150x100.jpeg 150w, https:\/\/www.katharinaklutz.de\/hochzeit\/wp-content\/uploads\/2025\/09\/IMG_0115-768x512.jpeg 768w, https:\/\/www.katharinaklutz.de\/hochzeit\/wp-content\/uploads\/2025\/09\/IMG_0115-1536x1024.jpeg 1536w, https:\/\/www.katharinaklutz.de\/hochzeit\/wp-content\/uploads\/2025\/09\/IMG_0115.jpeg 1600w\" sizes=\"auto, (max-width: 300px) 100vw, 300px\" \/><\/a>\n\t\t\t<\/dt><\/dl><dl class='gallery-item'>\n\t\t\t<dt class='gallery-icon landscape'>\n\t\t\t\t<a data-fancybox=\"mesmerize-gallery-1-group\" href='https:\/\/www.katharinaklutz.de\/hochzeit\/wp-content\/uploads\/2025\/07\/IMG_9606-scaled.jpeg'><img loading=\"lazy\" decoding=\"async\"  width=\"300\" height=\"200\" src=\"https:\/\/www.katharinaklutz.de\/hochzeit\/wp-content\/uploads\/2025\/07\/IMG_9606-300x200.jpeg\"  class='mesmerize-gallery-1-image' alt=\"\" srcset=\"https:\/\/www.katharinaklutz.de\/hochzeit\/wp-content\/uploads\/2025\/07\/IMG_9606-300x200.jpeg 300w, https:\/\/www.katharinaklutz.de\/hochzeit\/wp-content\/uploads\/2025\/07\/IMG_9606-1024x683.jpeg 1024w, https:\/\/www.katharinaklutz.de\/hochzeit\/wp-content\/uploads\/2025\/07\/IMG_9606-150x100.jpeg 150w, https:\/\/www.katharinaklutz.de\/hochzeit\/wp-content\/uploads\/2025\/07\/IMG_9606-768x512.jpeg 768w, https:\/\/www.katharinaklutz.de\/hochzeit\/wp-content\/uploads\/2025\/07\/IMG_9606-1536x1024.jpeg 1536w, https:\/\/www.katharinaklutz.de\/hochzeit\/wp-content\/uploads\/2025\/07\/IMG_9606-2048x1366.jpeg 2048w, https:\/\/www.katharinaklutz.de\/hochzeit\/wp-content\/uploads\/2025\/07\/IMG_9606-1619x1080.jpeg 1619w\" sizes=\"auto, (max-width: 300px) 100vw, 300px\" \/><\/a>\n\t\t\t<\/dt><\/dl><dl class='gallery-item'>\n\t\t\t<dt class='gallery-icon portrait'>\n\t\t\t\t<a data-fancybox=\"mesmerize-gallery-1-group\" href='https:\/\/www.katharinaklutz.de\/hochzeit\/wp-content\/uploads\/2024\/09\/IMG_3429-scaled.jpeg'><img loading=\"lazy\" decoding=\"async\"  width=\"200\" height=\"300\" src=\"https:\/\/www.katharinaklutz.de\/hochzeit\/wp-content\/uploads\/2024\/09\/IMG_3429-200x300.jpeg\"  class='mesmerize-gallery-1-image' alt=\"\" srcset=\"https:\/\/www.katharinaklutz.de\/hochzeit\/wp-content\/uploads\/2024\/09\/IMG_3429-200x300.jpeg 200w, https:\/\/www.katharinaklutz.de\/hochzeit\/wp-content\/uploads\/2024\/09\/IMG_3429-683x1024.jpeg 683w, https:\/\/www.katharinaklutz.de\/hochzeit\/wp-content\/uploads\/2024\/09\/IMG_3429-100x150.jpeg 100w, https:\/\/www.katharinaklutz.de\/hochzeit\/wp-content\/uploads\/2024\/09\/IMG_3429-768x1152.jpeg 768w, https:\/\/www.katharinaklutz.de\/hochzeit\/wp-content\/uploads\/2024\/09\/IMG_3429-1024x1536.jpeg 1024w, https:\/\/www.katharinaklutz.de\/hochzeit\/wp-content\/uploads\/2024\/09\/IMG_3429-1365x2048.jpeg 1365w, https:\/\/www.katharinaklutz.de\/hochzeit\/wp-content\/uploads\/2024\/09\/IMG_3429-720x1080.jpeg 720w, https:\/\/www.katharinaklutz.de\/hochzeit\/wp-content\/uploads\/2024\/09\/IMG_3429-scaled.jpeg 1706w\" sizes=\"auto, (max-width: 200px) 100vw, 200px\" \/><\/a>\n\t\t\t<\/dt><\/dl><dl class='gallery-item'>\n\t\t\t<dt class='gallery-icon portrait'>\n\t\t\t\t<a data-fancybox=\"mesmerize-gallery-1-group\" href='https:\/\/www.katharinaklutz.de\/hochzeit\/wp-content\/uploads\/2024\/09\/IMG_3422-scaled.jpeg'><img loading=\"lazy\" decoding=\"async\"  width=\"200\" height=\"300\" src=\"https:\/\/www.katharinaklutz.de\/hochzeit\/wp-content\/uploads\/2024\/09\/IMG_3422-200x300.jpeg\"  class='mesmerize-gallery-1-image' alt=\"\" srcset=\"https:\/\/www.katharinaklutz.de\/hochzeit\/wp-content\/uploads\/2024\/09\/IMG_3422-200x300.jpeg 200w, https:\/\/www.katharinaklutz.de\/hochzeit\/wp-content\/uploads\/2024\/09\/IMG_3422-683x1024.jpeg 683w, https:\/\/www.katharinaklutz.de\/hochzeit\/wp-content\/uploads\/2024\/09\/IMG_3422-100x150.jpeg 100w, https:\/\/www.katharinaklutz.de\/hochzeit\/wp-content\/uploads\/2024\/09\/IMG_3422-768x1152.jpeg 768w, https:\/\/www.katharinaklutz.de\/hochzeit\/wp-content\/uploads\/2024\/09\/IMG_3422-1024x1536.jpeg 1024w, https:\/\/www.katharinaklutz.de\/hochzeit\/wp-content\/uploads\/2024\/09\/IMG_3422-1365x2048.jpeg 1365w, https:\/\/www.katharinaklutz.de\/hochzeit\/wp-content\/uploads\/2024\/09\/IMG_3422-720x1080.jpeg 720w, https:\/\/www.katharinaklutz.de\/hochzeit\/wp-content\/uploads\/2024\/09\/IMG_3422-scaled.jpeg 1707w\" sizes=\"auto, (max-width: 200px) 100vw, 200px\" \/><\/a>\n\t\t\t<\/dt><\/dl><dl class='gallery-item'>\n\t\t\t<dt class='gallery-icon landscape'>\n\t\t\t\t<a data-fancybox=\"mesmerize-gallery-1-group\" href='https:\/\/www.katharinaklutz.de\/hochzeit\/wp-content\/uploads\/2024\/09\/IMG_3333-scaled.jpeg'><img loading=\"lazy\" decoding=\"async\"  width=\"300\" height=\"200\" src=\"https:\/\/www.katharinaklutz.de\/hochzeit\/wp-content\/uploads\/2024\/09\/IMG_3333-300x200.jpeg\"  class='mesmerize-gallery-1-image' alt=\"\" srcset=\"https:\/\/www.katharinaklutz.de\/hochzeit\/wp-content\/uploads\/2024\/09\/IMG_3333-300x200.jpeg 300w, https:\/\/www.katharinaklutz.de\/hochzeit\/wp-content\/uploads\/2024\/09\/IMG_3333-1024x683.jpeg 1024w, https:\/\/www.katharinaklutz.de\/hochzeit\/wp-content\/uploads\/2024\/09\/IMG_3333-150x100.jpeg 150w, https:\/\/www.katharinaklutz.de\/hochzeit\/wp-content\/uploads\/2024\/09\/IMG_3333-768x512.jpeg 768w, https:\/\/www.katharinaklutz.de\/hochzeit\/wp-content\/uploads\/2024\/09\/IMG_3333-1536x1024.jpeg 1536w, https:\/\/www.katharinaklutz.de\/hochzeit\/wp-content\/uploads\/2024\/09\/IMG_3333-2048x1365.jpeg 2048w, https:\/\/www.katharinaklutz.de\/hochzeit\/wp-content\/uploads\/2024\/09\/IMG_3333-1620x1080.jpeg 1620w\" sizes=\"auto, (max-width: 300px) 100vw, 300px\" \/><\/a>\n\t\t\t<\/dt><\/dl><dl class='gallery-item'>\n\t\t\t<dt class='gallery-icon portrait'>\n\t\t\t\t<a data-fancybox=\"mesmerize-gallery-1-group\" href='https:\/\/www.katharinaklutz.de\/hochzeit\/wp-content\/uploads\/2023\/08\/IMG_6619.jpeg'><img loading=\"lazy\" decoding=\"async\"  width=\"200\" height=\"300\" src=\"https:\/\/www.katharinaklutz.de\/hochzeit\/wp-content\/uploads\/2023\/08\/IMG_6619-200x300.jpeg\"  class='mesmerize-gallery-1-image' alt=\"\" srcset=\"https:\/\/www.katharinaklutz.de\/hochzeit\/wp-content\/uploads\/2023\/08\/IMG_6619-200x300.jpeg 200w, https:\/\/www.katharinaklutz.de\/hochzeit\/wp-content\/uploads\/2023\/08\/IMG_6619-683x1024.jpeg 683w, https:\/\/www.katharinaklutz.de\/hochzeit\/wp-content\/uploads\/2023\/08\/IMG_6619-100x150.jpeg 100w, https:\/\/www.katharinaklutz.de\/hochzeit\/wp-content\/uploads\/2023\/08\/IMG_6619-768x1152.jpeg 768w, https:\/\/www.katharinaklutz.de\/hochzeit\/wp-content\/uploads\/2023\/08\/IMG_6619-1024x1536.jpeg 1024w, https:\/\/www.katharinaklutz.de\/hochzeit\/wp-content\/uploads\/2023\/08\/IMG_6619-720x1080.jpeg 720w, https:\/\/www.katharinaklutz.de\/hochzeit\/wp-content\/uploads\/2023\/08\/IMG_6619.jpeg 1365w\" sizes=\"auto, (max-width: 200px) 100vw, 200px\" \/><\/a>\n\t\t\t<\/dt><\/dl><dl class='gallery-item'>\n\t\t\t<dt class='gallery-icon portrait'>\n\t\t\t\t<a data-fancybox=\"mesmerize-gallery-1-group\" href='https:\/\/www.katharinaklutz.de\/hochzeit\/wp-content\/uploads\/2022\/11\/6503554D-08D5-4E74-A45B-BAA973774DA5.jpeg'><img loading=\"lazy\" decoding=\"async\"  width=\"200\" height=\"300\" src=\"https:\/\/www.katharinaklutz.de\/hochzeit\/wp-content\/uploads\/2022\/11\/6503554D-08D5-4E74-A45B-BAA973774DA5-200x300.jpeg\"  class='mesmerize-gallery-1-image' alt=\"\" srcset=\"https:\/\/www.katharinaklutz.de\/hochzeit\/wp-content\/uploads\/2022\/11\/6503554D-08D5-4E74-A45B-BAA973774DA5-200x300.jpeg 200w, https:\/\/www.katharinaklutz.de\/hochzeit\/wp-content\/uploads\/2022\/11\/6503554D-08D5-4E74-A45B-BAA973774DA5-683x1024.jpeg 683w, https:\/\/www.katharinaklutz.de\/hochzeit\/wp-content\/uploads\/2022\/11\/6503554D-08D5-4E74-A45B-BAA973774DA5-100x150.jpeg 100w, https:\/\/www.katharinaklutz.de\/hochzeit\/wp-content\/uploads\/2022\/11\/6503554D-08D5-4E74-A45B-BAA973774DA5-768x1152.jpeg 768w, https:\/\/www.katharinaklutz.de\/hochzeit\/wp-content\/uploads\/2022\/11\/6503554D-08D5-4E74-A45B-BAA973774DA5-1024x1536.jpeg 1024w, https:\/\/www.katharinaklutz.de\/hochzeit\/wp-content\/uploads\/2022\/11\/6503554D-08D5-4E74-A45B-BAA973774DA5-720x1080.jpeg 720w, https:\/\/www.katharinaklutz.de\/hochzeit\/wp-content\/uploads\/2022\/11\/6503554D-08D5-4E74-A45B-BAA973774DA5.jpeg 1365w\" sizes=\"auto, (max-width: 200px) 100vw, 200px\" \/><\/a>\n\t\t\t<\/dt><\/dl><dl class='gallery-item'>\n\t\t\t<dt class='gallery-icon landscape'>\n\t\t\t\t<a data-fancybox=\"mesmerize-gallery-1-group\" href='https:\/\/www.katharinaklutz.de\/hochzeit\/wp-content\/uploads\/2025\/07\/359-FreyasFineWeddings-358-Kulturgut-Thallwitz-Hochzeit-scaled.jpeg'><img loading=\"lazy\" decoding=\"async\"  width=\"300\" height=\"200\" src=\"https:\/\/www.katharinaklutz.de\/hochzeit\/wp-content\/uploads\/2025\/07\/359-FreyasFineWeddings-358-Kulturgut-Thallwitz-Hochzeit-300x200.jpeg\"  class='mesmerize-gallery-1-image' alt=\"\" srcset=\"https:\/\/www.katharinaklutz.de\/hochzeit\/wp-content\/uploads\/2025\/07\/359-FreyasFineWeddings-358-Kulturgut-Thallwitz-Hochzeit-300x200.jpeg 300w, https:\/\/www.katharinaklutz.de\/hochzeit\/wp-content\/uploads\/2025\/07\/359-FreyasFineWeddings-358-Kulturgut-Thallwitz-Hochzeit-1024x683.jpeg 1024w, https:\/\/www.katharinaklutz.de\/hochzeit\/wp-content\/uploads\/2025\/07\/359-FreyasFineWeddings-358-Kulturgut-Thallwitz-Hochzeit-150x100.jpeg 150w, https:\/\/www.katharinaklutz.de\/hochzeit\/wp-content\/uploads\/2025\/07\/359-FreyasFineWeddings-358-Kulturgut-Thallwitz-Hochzeit-768x512.jpeg 768w, https:\/\/www.katharinaklutz.de\/hochzeit\/wp-content\/uploads\/2025\/07\/359-FreyasFineWeddings-358-Kulturgut-Thallwitz-Hochzeit-1536x1024.jpeg 1536w, https:\/\/www.katharinaklutz.de\/hochzeit\/wp-content\/uploads\/2025\/07\/359-FreyasFineWeddings-358-Kulturgut-Thallwitz-Hochzeit-2048x1365.jpeg 2048w, https:\/\/www.katharinaklutz.de\/hochzeit\/wp-content\/uploads\/2025\/07\/359-FreyasFineWeddings-358-Kulturgut-Thallwitz-Hochzeit-1620x1080.jpeg 1620w\" sizes=\"auto, (max-width: 300px) 100vw, 300px\" \/><\/a>\n\t\t\t<\/dt><\/dl><dl class='gallery-item'>\n\t\t\t<dt class='gallery-icon landscape'>\n\t\t\t\t<a data-fancybox=\"mesmerize-gallery-1-group\" href='https:\/\/www.katharinaklutz.de\/hochzeit\/wp-content\/uploads\/2022\/11\/123B13B5-4F93-475F-A21E-504EA2882360-scaled.jpeg'><img loading=\"lazy\" decoding=\"async\"  width=\"300\" height=\"200\" src=\"https:\/\/www.katharinaklutz.de\/hochzeit\/wp-content\/uploads\/2022\/11\/123B13B5-4F93-475F-A21E-504EA2882360-300x200.jpeg\"  class='mesmerize-gallery-1-image' alt=\"\" srcset=\"https:\/\/www.katharinaklutz.de\/hochzeit\/wp-content\/uploads\/2022\/11\/123B13B5-4F93-475F-A21E-504EA2882360-300x200.jpeg 300w, https:\/\/www.katharinaklutz.de\/hochzeit\/wp-content\/uploads\/2022\/11\/123B13B5-4F93-475F-A21E-504EA2882360-1024x684.jpeg 1024w, https:\/\/www.katharinaklutz.de\/hochzeit\/wp-content\/uploads\/2022\/11\/123B13B5-4F93-475F-A21E-504EA2882360-150x100.jpeg 150w, https:\/\/www.katharinaklutz.de\/hochzeit\/wp-content\/uploads\/2022\/11\/123B13B5-4F93-475F-A21E-504EA2882360-768x513.jpeg 768w, https:\/\/www.katharinaklutz.de\/hochzeit\/wp-content\/uploads\/2022\/11\/123B13B5-4F93-475F-A21E-504EA2882360-1536x1025.jpeg 1536w, https:\/\/www.katharinaklutz.de\/hochzeit\/wp-content\/uploads\/2022\/11\/123B13B5-4F93-475F-A21E-504EA2882360-2048x1367.jpeg 2048w, https:\/\/www.katharinaklutz.de\/hochzeit\/wp-content\/uploads\/2022\/11\/123B13B5-4F93-475F-A21E-504EA2882360-1618x1080.jpeg 1618w\" sizes=\"auto, (max-width: 300px) 100vw, 300px\" \/><\/a>\n\t\t\t<\/dt><\/dl><dl class='gallery-item'>\n\t\t\t<dt class='gallery-icon portrait'>\n\t\t\t\t<a data-fancybox=\"mesmerize-gallery-1-group\" href='https:\/\/www.katharinaklutz.de\/hochzeit\/wp-content\/uploads\/2025\/09\/Facetune_16-08-2025-20-13-52-scaled.jpeg'><img loading=\"lazy\" decoding=\"async\"  width=\"225\" height=\"300\" src=\"https:\/\/www.katharinaklutz.de\/hochzeit\/wp-content\/uploads\/2025\/09\/Facetune_16-08-2025-20-13-52-225x300.jpeg\"  class='mesmerize-gallery-1-image' alt=\"\" srcset=\"https:\/\/www.katharinaklutz.de\/hochzeit\/wp-content\/uploads\/2025\/09\/Facetune_16-08-2025-20-13-52-225x300.jpeg 225w, https:\/\/www.katharinaklutz.de\/hochzeit\/wp-content\/uploads\/2025\/09\/Facetune_16-08-2025-20-13-52-768x1024.jpeg 768w, https:\/\/www.katharinaklutz.de\/hochzeit\/wp-content\/uploads\/2025\/09\/Facetune_16-08-2025-20-13-52-113x150.jpeg 113w, https:\/\/www.katharinaklutz.de\/hochzeit\/wp-content\/uploads\/2025\/09\/Facetune_16-08-2025-20-13-52-1152x1536.jpeg 1152w, https:\/\/www.katharinaklutz.de\/hochzeit\/wp-content\/uploads\/2025\/09\/Facetune_16-08-2025-20-13-52-1536x2048.jpeg 1536w, https:\/\/www.katharinaklutz.de\/hochzeit\/wp-content\/uploads\/2025\/09\/Facetune_16-08-2025-20-13-52-1024x1365.jpeg 1024w, https:\/\/www.katharinaklutz.de\/hochzeit\/wp-content\/uploads\/2025\/09\/Facetune_16-08-2025-20-13-52-810x1080.jpeg 810w, https:\/\/www.katharinaklutz.de\/hochzeit\/wp-content\/uploads\/2025\/09\/Facetune_16-08-2025-20-13-52-scaled.jpeg 1920w\" sizes=\"auto, (max-width: 225px) 100vw, 225px\" \/><\/a>\n\t\t\t<\/dt><\/dl><dl class='gallery-item'>\n\t\t\t<dt class='gallery-icon portrait'>\n\t\t\t\t<a data-fancybox=\"mesmerize-gallery-1-group\" href='https:\/\/www.katharinaklutz.de\/hochzeit\/wp-content\/uploads\/2022\/11\/2AC3F131-B8F0-4B00-BBE5-848738F0DD9D-scaled.jpeg'><img loading=\"lazy\" decoding=\"async\"  width=\"200\" height=\"300\" src=\"https:\/\/www.katharinaklutz.de\/hochzeit\/wp-content\/uploads\/2022\/11\/2AC3F131-B8F0-4B00-BBE5-848738F0DD9D-200x300.jpeg\"  class='mesmerize-gallery-1-image' alt=\"\" srcset=\"https:\/\/www.katharinaklutz.de\/hochzeit\/wp-content\/uploads\/2022\/11\/2AC3F131-B8F0-4B00-BBE5-848738F0DD9D-200x300.jpeg 200w, https:\/\/www.katharinaklutz.de\/hochzeit\/wp-content\/uploads\/2022\/11\/2AC3F131-B8F0-4B00-BBE5-848738F0DD9D-683x1024.jpeg 683w, https:\/\/www.katharinaklutz.de\/hochzeit\/wp-content\/uploads\/2022\/11\/2AC3F131-B8F0-4B00-BBE5-848738F0DD9D-100x150.jpeg 100w, https:\/\/www.katharinaklutz.de\/hochzeit\/wp-content\/uploads\/2022\/11\/2AC3F131-B8F0-4B00-BBE5-848738F0DD9D-768x1152.jpeg 768w, https:\/\/www.katharinaklutz.de\/hochzeit\/wp-content\/uploads\/2022\/11\/2AC3F131-B8F0-4B00-BBE5-848738F0DD9D-1024x1536.jpeg 1024w, https:\/\/www.katharinaklutz.de\/hochzeit\/wp-content\/uploads\/2022\/11\/2AC3F131-B8F0-4B00-BBE5-848738F0DD9D-1365x2048.jpeg 1365w, https:\/\/www.katharinaklutz.de\/hochzeit\/wp-content\/uploads\/2022\/11\/2AC3F131-B8F0-4B00-BBE5-848738F0DD9D-720x1080.jpeg 720w, https:\/\/www.katharinaklutz.de\/hochzeit\/wp-content\/uploads\/2022\/11\/2AC3F131-B8F0-4B00-BBE5-848738F0DD9D-scaled.jpeg 1707w\" sizes=\"auto, (max-width: 200px) 100vw, 200px\" \/><\/a>\n\t\t\t<\/dt><\/dl><dl class='gallery-item'>\n\t\t\t<dt class='gallery-icon portrait'>\n\t\t\t\t<a data-fancybox=\"mesmerize-gallery-1-group\" href='https:\/\/www.katharinaklutz.de\/hochzeit\/wp-content\/uploads\/2018\/05\/5808060D-A1AF-491D-89E4-118A4D24862A.jpeg'><img loading=\"lazy\" decoding=\"async\"  width=\"200\" height=\"300\" src=\"https:\/\/www.katharinaklutz.de\/hochzeit\/wp-content\/uploads\/2018\/05\/5808060D-A1AF-491D-89E4-118A4D24862A-200x300.jpeg\"  class='mesmerize-gallery-1-image' alt=\"\" srcset=\"https:\/\/www.katharinaklutz.de\/hochzeit\/wp-content\/uploads\/2018\/05\/5808060D-A1AF-491D-89E4-118A4D24862A-200x300.jpeg 200w, https:\/\/www.katharinaklutz.de\/hochzeit\/wp-content\/uploads\/2018\/05\/5808060D-A1AF-491D-89E4-118A4D24862A.jpeg 567w\" sizes=\"auto, (max-width: 200px) 100vw, 200px\" \/><\/a>\n\t\t\t<\/dt><\/dl><dl class='gallery-item'>\n\t\t\t<dt class='gallery-icon landscape'>\n\t\t\t\t<a data-fancybox=\"mesmerize-gallery-1-group\" href='https:\/\/www.katharinaklutz.de\/hochzeit\/wp-content\/uploads\/2016\/11\/juliaundgil_160903140733.jpg'><img loading=\"lazy\" decoding=\"async\"  width=\"300\" height=\"200\" src=\"https:\/\/www.katharinaklutz.de\/hochzeit\/wp-content\/uploads\/2016\/11\/juliaundgil_160903140733-300x200.jpg\"  class='mesmerize-gallery-1-image' alt=\"\" srcset=\"https:\/\/www.katharinaklutz.de\/hochzeit\/wp-content\/uploads\/2016\/11\/juliaundgil_160903140733-300x200.jpg 300w, https:\/\/www.katharinaklutz.de\/hochzeit\/wp-content\/uploads\/2016\/11\/juliaundgil_160903140733-1024x682.jpg 1024w\" sizes=\"auto, (max-width: 300px) 100vw, 300px\" \/><\/a>\n\t\t\t<\/dt><\/dl><dl class='gallery-item'>\n\t\t\t<dt class='gallery-icon landscape'>\n\t\t\t\t<a data-fancybox=\"mesmerize-gallery-1-group\" href='https:\/\/www.katharinaklutz.de\/hochzeit\/wp-content\/uploads\/2022\/11\/D2FBD871-112F-43DB-807D-7708411C493F-scaled.jpeg'><img loading=\"lazy\" decoding=\"async\"  width=\"300\" height=\"200\" src=\"https:\/\/www.katharinaklutz.de\/hochzeit\/wp-content\/uploads\/2022\/11\/D2FBD871-112F-43DB-807D-7708411C493F-300x200.jpeg\"  class='mesmerize-gallery-1-image' alt=\"\" srcset=\"https:\/\/www.katharinaklutz.de\/hochzeit\/wp-content\/uploads\/2022\/11\/D2FBD871-112F-43DB-807D-7708411C493F-300x200.jpeg 300w, https:\/\/www.katharinaklutz.de\/hochzeit\/wp-content\/uploads\/2022\/11\/D2FBD871-112F-43DB-807D-7708411C493F-1024x681.jpeg 1024w, https:\/\/www.katharinaklutz.de\/hochzeit\/wp-content\/uploads\/2022\/11\/D2FBD871-112F-43DB-807D-7708411C493F-150x100.jpeg 150w, https:\/\/www.katharinaklutz.de\/hochzeit\/wp-content\/uploads\/2022\/11\/D2FBD871-112F-43DB-807D-7708411C493F-768x511.jpeg 768w, https:\/\/www.katharinaklutz.de\/hochzeit\/wp-content\/uploads\/2022\/11\/D2FBD871-112F-43DB-807D-7708411C493F-1536x1022.jpeg 1536w, https:\/\/www.katharinaklutz.de\/hochzeit\/wp-content\/uploads\/2022\/11\/D2FBD871-112F-43DB-807D-7708411C493F-2048x1363.jpeg 2048w, https:\/\/www.katharinaklutz.de\/hochzeit\/wp-content\/uploads\/2022\/11\/D2FBD871-112F-43DB-807D-7708411C493F-1623x1080.jpeg 1623w\" sizes=\"auto, (max-width: 300px) 100vw, 300px\" \/><\/a>\n\t\t\t<\/dt><\/dl><dl class='gallery-item'>\n\t\t\t<dt class='gallery-icon portrait'>\n\t\t\t\t<a data-fancybox=\"mesmerize-gallery-1-group\" href='https:\/\/www.katharinaklutz.de\/hochzeit\/wp-content\/uploads\/2025\/07\/AnniSven_070625-665.jpeg'><img loading=\"lazy\" decoding=\"async\"  width=\"200\" height=\"300\" src=\"https:\/\/www.katharinaklutz.de\/hochzeit\/wp-content\/uploads\/2025\/07\/AnniSven_070625-665-200x300.jpeg\"  class='mesmerize-gallery-1-image' alt=\"\" srcset=\"https:\/\/www.katharinaklutz.de\/hochzeit\/wp-content\/uploads\/2025\/07\/AnniSven_070625-665-200x300.jpeg 200w, https:\/\/www.katharinaklutz.de\/hochzeit\/wp-content\/uploads\/2025\/07\/AnniSven_070625-665-683x1024.jpeg 683w, https:\/\/www.katharinaklutz.de\/hochzeit\/wp-content\/uploads\/2025\/07\/AnniSven_070625-665-100x150.jpeg 100w, https:\/\/www.katharinaklutz.de\/hochzeit\/wp-content\/uploads\/2025\/07\/AnniSven_070625-665-768x1152.jpeg 768w, https:\/\/www.katharinaklutz.de\/hochzeit\/wp-content\/uploads\/2025\/07\/AnniSven_070625-665-1024x1536.jpeg 1024w, https:\/\/www.katharinaklutz.de\/hochzeit\/wp-content\/uploads\/2025\/07\/AnniSven_070625-665-720x1080.jpeg 720w, https:\/\/www.katharinaklutz.de\/hochzeit\/wp-content\/uploads\/2025\/07\/AnniSven_070625-665.jpeg 1067w\" sizes=\"auto, (max-width: 200px) 100vw, 200px\" \/><\/a>\n\t\t\t<\/dt><\/dl><dl class='gallery-item'>\n\t\t\t<dt class='gallery-icon landscape'>\n\t\t\t\t<a data-fancybox=\"mesmerize-gallery-1-group\" href='https:\/\/www.katharinaklutz.de\/hochzeit\/wp-content\/uploads\/2021\/02\/F9EC9B92-D805-4E71-A13B-1F05B6247819.jpeg'><img loading=\"lazy\" decoding=\"async\"  width=\"300\" height=\"200\" src=\"https:\/\/www.katharinaklutz.de\/hochzeit\/wp-content\/uploads\/2021\/02\/F9EC9B92-D805-4E71-A13B-1F05B6247819-300x200.jpeg\"  class='mesmerize-gallery-1-image' alt=\"\" srcset=\"https:\/\/www.katharinaklutz.de\/hochzeit\/wp-content\/uploads\/2021\/02\/F9EC9B92-D805-4E71-A13B-1F05B6247819-300x200.jpeg 300w, https:\/\/www.katharinaklutz.de\/hochzeit\/wp-content\/uploads\/2021\/02\/F9EC9B92-D805-4E71-A13B-1F05B6247819-768x512.jpeg 768w, https:\/\/www.katharinaklutz.de\/hochzeit\/wp-content\/uploads\/2021\/02\/F9EC9B92-D805-4E71-A13B-1F05B6247819-1024x683.jpeg 1024w, https:\/\/www.katharinaklutz.de\/hochzeit\/wp-content\/uploads\/2021\/02\/F9EC9B92-D805-4E71-A13B-1F05B6247819.jpeg 1920w\" sizes=\"auto, (max-width: 300px) 100vw, 300px\" \/><\/a>\n\t\t\t<\/dt><\/dl><dl class='gallery-item'>\n\t\t\t<dt class='gallery-icon landscape'>\n\t\t\t\t<a data-fancybox=\"mesmerize-gallery-1-group\" href='https:\/\/www.katharinaklutz.de\/hochzeit\/wp-content\/uploads\/2025\/07\/AnniSven_070625-384.jpeg'><img loading=\"lazy\" decoding=\"async\"  width=\"300\" height=\"200\" src=\"https:\/\/www.katharinaklutz.de\/hochzeit\/wp-content\/uploads\/2025\/07\/AnniSven_070625-384-300x200.jpeg\"  class='mesmerize-gallery-1-image' alt=\"\" srcset=\"https:\/\/www.katharinaklutz.de\/hochzeit\/wp-content\/uploads\/2025\/07\/AnniSven_070625-384-300x200.jpeg 300w, https:\/\/www.katharinaklutz.de\/hochzeit\/wp-content\/uploads\/2025\/07\/AnniSven_070625-384-1024x683.jpeg 1024w, https:\/\/www.katharinaklutz.de\/hochzeit\/wp-content\/uploads\/2025\/07\/AnniSven_070625-384-150x100.jpeg 150w, https:\/\/www.katharinaklutz.de\/hochzeit\/wp-content\/uploads\/2025\/07\/AnniSven_070625-384-768x512.jpeg 768w, https:\/\/www.katharinaklutz.de\/hochzeit\/wp-content\/uploads\/2025\/07\/AnniSven_070625-384-1536x1024.jpeg 1536w, https:\/\/www.katharinaklutz.de\/hochzeit\/wp-content\/uploads\/2025\/07\/AnniSven_070625-384-1620x1080.jpeg 1620w, https:\/\/www.katharinaklutz.de\/hochzeit\/wp-content\/uploads\/2025\/07\/AnniSven_070625-384.jpeg 1920w\" sizes=\"auto, (max-width: 300px) 100vw, 300px\" \/><\/a>\n\t\t\t<\/dt><\/dl><dl class='gallery-item'>\n\t\t\t<dt class='gallery-icon landscape'>\n\t\t\t\t<a data-fancybox=\"mesmerize-gallery-1-group\" href='https:\/\/www.katharinaklutz.de\/hochzeit\/wp-content\/uploads\/2022\/11\/cropped-4A6B0574-5EF4-46A1-B733-CEF69EE0B0FA-scaled-1.jpeg'><img loading=\"lazy\" decoding=\"async\"  width=\"300\" height=\"300\" src=\"https:\/\/www.katharinaklutz.de\/hochzeit\/wp-content\/uploads\/2022\/11\/cropped-4A6B0574-5EF4-46A1-B733-CEF69EE0B0FA-scaled-1-300x300.jpeg\"  class='mesmerize-gallery-1-image' alt=\"\" srcset=\"https:\/\/www.katharinaklutz.de\/hochzeit\/wp-content\/uploads\/2022\/11\/cropped-4A6B0574-5EF4-46A1-B733-CEF69EE0B0FA-scaled-1-300x300.jpeg 300w, https:\/\/www.katharinaklutz.de\/hochzeit\/wp-content\/uploads\/2022\/11\/cropped-4A6B0574-5EF4-46A1-B733-CEF69EE0B0FA-scaled-1-1024x1024.jpeg 1024w, https:\/\/www.katharinaklutz.de\/hochzeit\/wp-content\/uploads\/2022\/11\/cropped-4A6B0574-5EF4-46A1-B733-CEF69EE0B0FA-scaled-1-150x150.jpeg 150w, https:\/\/www.katharinaklutz.de\/hochzeit\/wp-content\/uploads\/2022\/11\/cropped-4A6B0574-5EF4-46A1-B733-CEF69EE0B0FA-scaled-1-768x768.jpeg 768w, https:\/\/www.katharinaklutz.de\/hochzeit\/wp-content\/uploads\/2022\/11\/cropped-4A6B0574-5EF4-46A1-B733-CEF69EE0B0FA-scaled-1-1536x1536.jpeg 1536w, https:\/\/www.katharinaklutz.de\/hochzeit\/wp-content\/uploads\/2022\/11\/cropped-4A6B0574-5EF4-46A1-B733-CEF69EE0B0FA-scaled-1-1080x1080.jpeg 1080w, https:\/\/www.katharinaklutz.de\/hochzeit\/wp-content\/uploads\/2022\/11\/cropped-4A6B0574-5EF4-46A1-B733-CEF69EE0B0FA-scaled-1.jpeg 1707w\" sizes=\"auto, (max-width: 300px) 100vw, 300px\" \/><\/a>\n\t\t\t<\/dt><\/dl><dl class='gallery-item'>\n\t\t\t<dt class='gallery-icon landscape'>\n\t\t\t\t<a data-fancybox=\"mesmerize-gallery-1-group\" href='https:\/\/www.katharinaklutz.de\/hochzeit\/wp-content\/uploads\/2022\/11\/AF862CF9-3D05-4152-857F-1A30508B21AB.jpeg'><img loading=\"lazy\" decoding=\"async\"  width=\"300\" height=\"200\" src=\"https:\/\/www.katharinaklutz.de\/hochzeit\/wp-content\/uploads\/2022\/11\/AF862CF9-3D05-4152-857F-1A30508B21AB-300x200.jpeg\"  class='mesmerize-gallery-1-image' alt=\"\" srcset=\"https:\/\/www.katharinaklutz.de\/hochzeit\/wp-content\/uploads\/2022\/11\/AF862CF9-3D05-4152-857F-1A30508B21AB-300x200.jpeg 300w, https:\/\/www.katharinaklutz.de\/hochzeit\/wp-content\/uploads\/2022\/11\/AF862CF9-3D05-4152-857F-1A30508B21AB-1024x683.jpeg 1024w, https:\/\/www.katharinaklutz.de\/hochzeit\/wp-content\/uploads\/2022\/11\/AF862CF9-3D05-4152-857F-1A30508B21AB-150x100.jpeg 150w, https:\/\/www.katharinaklutz.de\/hochzeit\/wp-content\/uploads\/2022\/11\/AF862CF9-3D05-4152-857F-1A30508B21AB-768x512.jpeg 768w, https:\/\/www.katharinaklutz.de\/hochzeit\/wp-content\/uploads\/2022\/11\/AF862CF9-3D05-4152-857F-1A30508B21AB.jpeg 1440w\" sizes=\"auto, (max-width: 300px) 100vw, 300px\" \/><\/a>\n\t\t\t<\/dt><\/dl><dl class='gallery-item'>\n\t\t\t<dt class='gallery-icon landscape'>\n\t\t\t\t<a data-fancybox=\"mesmerize-gallery-1-group\" href='https:\/\/www.katharinaklutz.de\/hochzeit\/wp-content\/uploads\/2022\/11\/5E265D7E-ACD4-4CB1-83C0-6D970395D79A-scaled.jpeg'><img loading=\"lazy\" decoding=\"async\"  width=\"300\" height=\"200\" src=\"https:\/\/www.katharinaklutz.de\/hochzeit\/wp-content\/uploads\/2022\/11\/5E265D7E-ACD4-4CB1-83C0-6D970395D79A-300x200.jpeg\"  class='mesmerize-gallery-1-image' alt=\"\" srcset=\"https:\/\/www.katharinaklutz.de\/hochzeit\/wp-content\/uploads\/2022\/11\/5E265D7E-ACD4-4CB1-83C0-6D970395D79A-300x200.jpeg 300w, https:\/\/www.katharinaklutz.de\/hochzeit\/wp-content\/uploads\/2022\/11\/5E265D7E-ACD4-4CB1-83C0-6D970395D79A-1024x683.jpeg 1024w, https:\/\/www.katharinaklutz.de\/hochzeit\/wp-content\/uploads\/2022\/11\/5E265D7E-ACD4-4CB1-83C0-6D970395D79A-150x100.jpeg 150w, https:\/\/www.katharinaklutz.de\/hochzeit\/wp-content\/uploads\/2022\/11\/5E265D7E-ACD4-4CB1-83C0-6D970395D79A-768x512.jpeg 768w, https:\/\/www.katharinaklutz.de\/hochzeit\/wp-content\/uploads\/2022\/11\/5E265D7E-ACD4-4CB1-83C0-6D970395D79A-1536x1024.jpeg 1536w, https:\/\/www.katharinaklutz.de\/hochzeit\/wp-content\/uploads\/2022\/11\/5E265D7E-ACD4-4CB1-83C0-6D970395D79A-2048x1365.jpeg 2048w, https:\/\/www.katharinaklutz.de\/hochzeit\/wp-content\/uploads\/2022\/11\/5E265D7E-ACD4-4CB1-83C0-6D970395D79A-1620x1080.jpeg 1620w\" sizes=\"auto, (max-width: 300px) 100vw, 300px\" \/><\/a>\n\t\t\t<\/dt><\/dl><dl class='gallery-item'>\n\t\t\t<dt class='gallery-icon landscape'>\n\t\t\t\t<a data-fancybox=\"mesmerize-gallery-1-group\" href='https:\/\/www.katharinaklutz.de\/hochzeit\/wp-content\/uploads\/2020\/09\/9DAD7222-9AA1-4F7E-85B7-AA22B7C4FD51.jpeg'><img loading=\"lazy\" decoding=\"async\"  width=\"300\" height=\"200\" src=\"https:\/\/www.katharinaklutz.de\/hochzeit\/wp-content\/uploads\/2020\/09\/9DAD7222-9AA1-4F7E-85B7-AA22B7C4FD51-300x200.jpeg\"  class='mesmerize-gallery-1-image' alt=\"\" srcset=\"https:\/\/www.katharinaklutz.de\/hochzeit\/wp-content\/uploads\/2020\/09\/9DAD7222-9AA1-4F7E-85B7-AA22B7C4FD51-300x200.jpeg 300w, https:\/\/www.katharinaklutz.de\/hochzeit\/wp-content\/uploads\/2020\/09\/9DAD7222-9AA1-4F7E-85B7-AA22B7C4FD51-768x512.jpeg 768w, https:\/\/www.katharinaklutz.de\/hochzeit\/wp-content\/uploads\/2020\/09\/9DAD7222-9AA1-4F7E-85B7-AA22B7C4FD51-1024x683.jpeg 1024w, https:\/\/www.katharinaklutz.de\/hochzeit\/wp-content\/uploads\/2020\/09\/9DAD7222-9AA1-4F7E-85B7-AA22B7C4FD51.jpeg 1200w\" sizes=\"auto, (max-width: 300px) 100vw, 300px\" \/><\/a>\n\t\t\t<\/dt><\/dl><dl class='gallery-item'>\n\t\t\t<dt class='gallery-icon landscape'>\n\t\t\t\t<a data-fancybox=\"mesmerize-gallery-1-group\" href='https:\/\/www.katharinaklutz.de\/hochzeit\/wp-content\/uploads\/2022\/11\/cropped-150ECA04-CE78-4C66-B7B7-8FDB40DDB474-scaled-1.jpeg'><img loading=\"lazy\" decoding=\"async\"  width=\"300\" height=\"256\" src=\"https:\/\/www.katharinaklutz.de\/hochzeit\/wp-content\/uploads\/2022\/11\/cropped-150ECA04-CE78-4C66-B7B7-8FDB40DDB474-scaled-1-300x256.jpeg\"  class='mesmerize-gallery-1-image' alt=\"\" srcset=\"https:\/\/www.katharinaklutz.de\/hochzeit\/wp-content\/uploads\/2022\/11\/cropped-150ECA04-CE78-4C66-B7B7-8FDB40DDB474-scaled-1-300x256.jpeg 300w, https:\/\/www.katharinaklutz.de\/hochzeit\/wp-content\/uploads\/2022\/11\/cropped-150ECA04-CE78-4C66-B7B7-8FDB40DDB474-scaled-1-1024x872.jpeg 1024w, https:\/\/www.katharinaklutz.de\/hochzeit\/wp-content\/uploads\/2022\/11\/cropped-150ECA04-CE78-4C66-B7B7-8FDB40DDB474-scaled-1-150x128.jpeg 150w, https:\/\/www.katharinaklutz.de\/hochzeit\/wp-content\/uploads\/2022\/11\/cropped-150ECA04-CE78-4C66-B7B7-8FDB40DDB474-scaled-1-768x654.jpeg 768w, https:\/\/www.katharinaklutz.de\/hochzeit\/wp-content\/uploads\/2022\/11\/cropped-150ECA04-CE78-4C66-B7B7-8FDB40DDB474-scaled-1-1536x1308.jpeg 1536w, https:\/\/www.katharinaklutz.de\/hochzeit\/wp-content\/uploads\/2022\/11\/cropped-150ECA04-CE78-4C66-B7B7-8FDB40DDB474-scaled-1-1268x1080.jpeg 1268w, https:\/\/www.katharinaklutz.de\/hochzeit\/wp-content\/uploads\/2022\/11\/cropped-150ECA04-CE78-4C66-B7B7-8FDB40DDB474-scaled-1.jpeg 2004w\" sizes=\"auto, (max-width: 300px) 100vw, 300px\" \/><\/a>\n\t\t\t<\/dt><\/dl><dl class='gallery-item'>\n\t\t\t<dt class='gallery-icon portrait'>\n\t\t\t\t<a data-fancybox=\"mesmerize-gallery-1-group\" href='https:\/\/www.katharinaklutz.de\/hochzeit\/wp-content\/uploads\/2022\/11\/8498BC77-E30D-4899-9397-3FADC2022EEF-scaled.jpeg'><img loading=\"lazy\" decoding=\"async\"  width=\"200\" height=\"300\" src=\"https:\/\/www.katharinaklutz.de\/hochzeit\/wp-content\/uploads\/2022\/11\/8498BC77-E30D-4899-9397-3FADC2022EEF-200x300.jpeg\"  class='mesmerize-gallery-1-image' alt=\"\" srcset=\"https:\/\/www.katharinaklutz.de\/hochzeit\/wp-content\/uploads\/2022\/11\/8498BC77-E30D-4899-9397-3FADC2022EEF-200x300.jpeg 200w, https:\/\/www.katharinaklutz.de\/hochzeit\/wp-content\/uploads\/2022\/11\/8498BC77-E30D-4899-9397-3FADC2022EEF-683x1024.jpeg 683w, https:\/\/www.katharinaklutz.de\/hochzeit\/wp-content\/uploads\/2022\/11\/8498BC77-E30D-4899-9397-3FADC2022EEF-100x150.jpeg 100w, https:\/\/www.katharinaklutz.de\/hochzeit\/wp-content\/uploads\/2022\/11\/8498BC77-E30D-4899-9397-3FADC2022EEF-768x1152.jpeg 768w, https:\/\/www.katharinaklutz.de\/hochzeit\/wp-content\/uploads\/2022\/11\/8498BC77-E30D-4899-9397-3FADC2022EEF-1024x1536.jpeg 1024w, https:\/\/www.katharinaklutz.de\/hochzeit\/wp-content\/uploads\/2022\/11\/8498BC77-E30D-4899-9397-3FADC2022EEF-1365x2048.jpeg 1365w, https:\/\/www.katharinaklutz.de\/hochzeit\/wp-content\/uploads\/2022\/11\/8498BC77-E30D-4899-9397-3FADC2022EEF-720x1080.jpeg 720w, https:\/\/www.katharinaklutz.de\/hochzeit\/wp-content\/uploads\/2022\/11\/8498BC77-E30D-4899-9397-3FADC2022EEF-scaled.jpeg 1707w\" sizes=\"auto, (max-width: 200px) 100vw, 200px\" \/><\/a>\n\t\t\t<\/dt><\/dl><dl class='gallery-item'>\n\t\t\t<dt class='gallery-icon landscape'>\n\t\t\t\t<a data-fancybox=\"mesmerize-gallery-1-group\" href='https:\/\/www.katharinaklutz.de\/hochzeit\/wp-content\/uploads\/2025\/07\/101-FreyasFineWeddings-101-Kulturgut-Thallwitz-Hochzeit-scaled.jpeg'><img loading=\"lazy\" decoding=\"async\"  width=\"300\" height=\"200\" src=\"https:\/\/www.katharinaklutz.de\/hochzeit\/wp-content\/uploads\/2025\/07\/101-FreyasFineWeddings-101-Kulturgut-Thallwitz-Hochzeit-300x200.jpeg\"  class='mesmerize-gallery-1-image' alt=\"\" srcset=\"https:\/\/www.katharinaklutz.de\/hochzeit\/wp-content\/uploads\/2025\/07\/101-FreyasFineWeddings-101-Kulturgut-Thallwitz-Hochzeit-300x200.jpeg 300w, https:\/\/www.katharinaklutz.de\/hochzeit\/wp-content\/uploads\/2025\/07\/101-FreyasFineWeddings-101-Kulturgut-Thallwitz-Hochzeit-1024x683.jpeg 1024w, https:\/\/www.katharinaklutz.de\/hochzeit\/wp-content\/uploads\/2025\/07\/101-FreyasFineWeddings-101-Kulturgut-Thallwitz-Hochzeit-150x100.jpeg 150w, https:\/\/www.katharinaklutz.de\/hochzeit\/wp-content\/uploads\/2025\/07\/101-FreyasFineWeddings-101-Kulturgut-Thallwitz-Hochzeit-768x512.jpeg 768w, https:\/\/www.katharinaklutz.de\/hochzeit\/wp-content\/uploads\/2025\/07\/101-FreyasFineWeddings-101-Kulturgut-Thallwitz-Hochzeit-1536x1024.jpeg 1536w, https:\/\/www.katharinaklutz.de\/hochzeit\/wp-content\/uploads\/2025\/07\/101-FreyasFineWeddings-101-Kulturgut-Thallwitz-Hochzeit-2048x1365.jpeg 2048w, https:\/\/www.katharinaklutz.de\/hochzeit\/wp-content\/uploads\/2025\/07\/101-FreyasFineWeddings-101-Kulturgut-Thallwitz-Hochzeit-1620x1080.jpeg 1620w\" sizes=\"auto, (max-width: 300px) 100vw, 300px\" \/><\/a>\n\t\t\t<\/dt><\/dl><dl class='gallery-item'>\n\t\t\t<dt class='gallery-icon portrait'>\n\t\t\t\t<a data-fancybox=\"mesmerize-gallery-1-group\" href='https:\/\/www.katharinaklutz.de\/hochzeit\/wp-content\/uploads\/2025\/09\/Facetune_16-08-2025-20-14-37-scaled.jpeg'><img loading=\"lazy\" decoding=\"async\"  width=\"225\" height=\"300\" src=\"https:\/\/www.katharinaklutz.de\/hochzeit\/wp-content\/uploads\/2025\/09\/Facetune_16-08-2025-20-14-37-225x300.jpeg\"  class='mesmerize-gallery-1-image' alt=\"\" srcset=\"https:\/\/www.katharinaklutz.de\/hochzeit\/wp-content\/uploads\/2025\/09\/Facetune_16-08-2025-20-14-37-225x300.jpeg 225w, https:\/\/www.katharinaklutz.de\/hochzeit\/wp-content\/uploads\/2025\/09\/Facetune_16-08-2025-20-14-37-768x1024.jpeg 768w, https:\/\/www.katharinaklutz.de\/hochzeit\/wp-content\/uploads\/2025\/09\/Facetune_16-08-2025-20-14-37-113x150.jpeg 113w, https:\/\/www.katharinaklutz.de\/hochzeit\/wp-content\/uploads\/2025\/09\/Facetune_16-08-2025-20-14-37-1152x1536.jpeg 1152w, https:\/\/www.katharinaklutz.de\/hochzeit\/wp-content\/uploads\/2025\/09\/Facetune_16-08-2025-20-14-37-1536x2048.jpeg 1536w, https:\/\/www.katharinaklutz.de\/hochzeit\/wp-content\/uploads\/2025\/09\/Facetune_16-08-2025-20-14-37-1024x1365.jpeg 1024w, https:\/\/www.katharinaklutz.de\/hochzeit\/wp-content\/uploads\/2025\/09\/Facetune_16-08-2025-20-14-37-810x1080.jpeg 810w, https:\/\/www.katharinaklutz.de\/hochzeit\/wp-content\/uploads\/2025\/09\/Facetune_16-08-2025-20-14-37-scaled.jpeg 1920w\" sizes=\"auto, (max-width: 225px) 100vw, 225px\" \/><\/a>\n\t\t\t<\/dt><\/dl>\n\t\t<\/div>\n<script>(function($){window.MaterialisCaptionsGallery && window.MaterialisCaptionsGallery($('[data-unique-id=\"mesmerize-gallery-1-69f587f1e7822\"]'))})(jQuery)<\/script><\/div><\/div><\/div> <\/div><\/div><div  data-label=\"Preise\" data-id=\"features--1\" data-export-id=\"features-16-card-bordered-colored\" data-category=\"features\" class=\"features-16-card-bordered-colored content-section content-section-spacing\" id=\"preise\" style=\"background-color: rgb(255, 255, 255);\" data-bullets-visibility=\"true\"><div  class=\"gridContainer\"> <div  class=\"row text-center\"><div  class=\"section-title-col\" data-type=\"column\"> <h2  class=\"\">Unser Weg beginnt hier<\/h2> <p  class=\"lead\">Wie sch\u00f6n, dass ihr euch vorstellen k\u00f6nnt, eure pers\u00f6nliche Trauung mit mir zu erleben. F\u00fcr dieses Vertrauen bin ich sehr dankbar und w\u00e4re liebend gern an eurer Seite! \n<br >Ich nehme mir viel Zeit, um mich intensiv mit euch und eurer Geschichte zu befassen.<br >Eines m\u00f6chte ich euch Versprechen: Ich werde euch und euren G\u00e4sten unvergessliche Momente erschaffen.&nbsp;\n<br >Witzig, feierlich, sehr pers\u00f6nlich &amp; erfrischend leicht.&nbsp;\n<br >Die folgenden Angebote beziehen sich auf den Umkreis (100 km) Leipzig zzgl. Reisekosten von 0,40 Cent\/km.&nbsp;<\/p><\/div> <\/div> <div  class=\"row spaced-cols center-sm content-center-sm\" data-type=\"row\"> <div  class=\"col-xs-12 col-sm-6 col-md-4\"> <div  class=\"card no-padding bottom-border-color1\">  <div  data-type=\"column\" class=\"col-padding-small col-padding-small-xs description-container\"> <h4  class=\"font-500 color1\">Klassisch<\/h4> <p  class=\"lead\"><span  style=\"font-weight: 900;\">Freie Trauung mit Rede &amp; Wunschmusik (MP3)\n<\/span><br ><br >Vorbereitungsgespr\u00e4che und intensive Zusammenarbeit&nbsp;<br >\n<br >Erschaffen einer Rede &amp; Zeremonie, die ewig nachhallen wird&nbsp;<br ><br >Musik beim Empfang der G\u00e4ste &amp; den Gratulationen\n<br ><br >20 Arbeitsstunden gesamt<\/p><\/div> <div  data-type=\"column\" class=\"col-padding-small col-padding-small-xs read-more-container\"><h3  class=\"\"><span  style=\"color: rgb(209, 166, 170);\">1.890,00 \u20ac<\/span><\/h3><\/div> <\/div><\/div> <div  class=\"col-xs-12 col-sm-6 col-md-4\"><div  class=\"card no-padding bottom-border-color1\">  <div  data-type=\"column\" class=\"col-padding-small col-padding-small-xs description-container\"> <h4  class=\"font-500 color1\">Klassisch Klangvoll<\/h4> <p  class=\"lead\"><span  style=\"font-weight: 900;\">Freie Trauung mit Rede &amp; Livegesang (Playback)\n<\/span><br ><br >Alle Leistungen aus&nbsp;\n<br >\u201eKlassisch\u201c<br ><br >Livegesang w\u00e4hrend der Zeremonie&nbsp;<br ><br >Songauswahl nach euren W\u00fcnschen\n\n<br ><br >Optional Livegesang zum Sektempfang (+ 200,- \u20ac)<\/p><\/div> <div  data-type=\"column\" class=\"col-padding-small col-padding-small-xs read-more-container\"><h3  class=\"\"><span  style=\"color: rgb(209, 166, 170);\">2.190,00 \u20ac<\/span><\/h3><\/div> <\/div><\/div> <div  class=\"col-xs-12 col-sm-6 col-md-4\"><div  class=\"card no-padding bottom-border-color1\">  <div  data-type=\"column\" class=\"col-padding-small col-padding-small-xs description-container\"> <h4  class=\"font-500 color1\">Klassisch Duo<\/h4> <p  class=\"lead\"><span  style=\"font-weight: 900;\">Freie Trauung mit Rede, Livegesang &amp; Gitarrist<\/span>\n<br ><br >Alle Leistungen aus \n<br >\u201eKlassisch\u201c\n<br ><br >Empfang der G\u00e4ste mit Gitarrenbegleitung<br ><span  style=\"font-size: 1.2rem;\">\n<br >Live-Gesang mit musikalischer Begleitung durch einen erfahrenen Gitarristen&nbsp;<\/span>\n<br ><br >Optional Livemusik zum Sektempfang (+ 400,- \u20ac)<\/p><\/div> <div  data-type=\"column\" class=\"col-padding-small col-padding-small-xs read-more-container\"><h3  class=\"\"><span  style=\"color: rgb(209, 166, 170);\">2.500,00 \u20ac<\/span><\/h3><\/div> <\/div><\/div> <\/div><\/div> <\/div><div  data-label=\"Biografie\" data-id=\"content--2\" data-export-id=\"content-18\" data-category=\"content\" class=\"content-18 content-section content-section-spacing\" id=\"biografie\" style=\"background-color: rgb(255, 255, 255);\" data-bullets-visibility=\"true\"><div  class=\"gridContainer\"> <div  class=\"row middle-sm\"><div  class=\"col-sm-6 flexbox around-xs top-xs space-bottom-xs space-top-xs\"> <div  class=\"overlay-box flexbox middle-xs center-xs overlay-holder\"><div  class=\"overlay-box-offset offset-background shadow-medium bg-color2 hide-xs\"><\/div> <img  decoding=\"async\" class=\"flexbox shadow-large img1\" data-size=\"500x500\" src=\"https:\/\/www.katharinaklutz.de\/hochzeit\/wp-content\/uploads\/2025\/06\/cropped-IMG_8726-scaled-1.jpeg\" title=\"Laura &amp;amp; Dominik\" alt=\"\"><\/div> <\/div> <div  class=\"col-sm-6\" data-type=\"column\"> <h2  class=\"\">\u00dcber mich<\/h2> <p  class=\"lead\">Mein Name ist Katharina Klutz und ich lebe ganz in der N\u00e4he der wunderbaren Stadt Leipzig gemeinsam mit meinem Mann und unserer Tochter.\n<br ><br >\nSeit 2003 arbeite ich nach privater Ausbildung als S\u00e4ngerin und seit 2008 als freie Rednerin. Das alles mit Herz und Leidenschaft, denn mir bedeutet es sehr viel, Paare an diesem besonderen Tag zu begleiten.&nbsp;<br ><br >\nEs ist immer wieder beeindruckend und individuell, wie Menschen ihre Liebe gefunden haben und in ihrer ganz pers\u00f6nlichen Zeremonie JA zueinander sagen m\u00f6chten. Mit gro\u00dfer Freude durfte ich schon oft durch die Zeremonien f\u00fchren und es ist jedes Mal ein Privileg f\u00fcr mich!&nbsp;<\/p> <\/div> <\/div><\/div> <\/div><div  data-label=\"Kontakt\" data-id=\"contact--1\" data-export-id=\"contact-1-mc\" data-category=\"contact\" class=\"contact-1-mc content-section content-section-spacing white-text\" data-parallax-depth=\"20\" id=\"kontakt\" style=\"background-color: rgb(209, 166, 170); background-size: cover; background-position: center top; background-image: url(&quot;https:\/\/www.katharinaklutz.de\/hochzeit\/wp-content\/uploads\/2016\/11\/cropped-Uli-und-Marcus-7.jpg&quot;);\" data-bullets-visibility=\"true\"><div  class=\"gridContainer\"> <div  class=\"row text-center\"><div  class=\"section-title-col\" data-type=\"column\">  <h2  class=\"\">Kontaktiert mich<\/h2> <\/div> <\/div> <div  class=\"row text-center\"> <div  class=\"col-xs-12 col-sm-8 col-sm-offset-2 contact-form-wrapper inline-info\"> <div  class=\"card large-padding\"> <div  class=\"\" data-content-shortcode=\"mesmerize_contact_form shortcode=&quot;contact-form-7 id=&amp;amp;quot;951&amp;amp;quot; title=&amp;amp;quot;Kontaktformular 1&amp;amp;quot;&quot;\" data-editable=\"true\">\n<div class=\"wpcf7 no-js\" id=\"wpcf7-f951-o1\" lang=\"de-DE\" dir=\"ltr\" data-wpcf7-id=\"951\">\n<div class=\"screen-reader-response\"><p role=\"status\" aria-live=\"polite\" aria-atomic=\"true\"><\/p> <ul><\/ul><\/div>\n<form action=\"\/hochzeit\/wp-json\/wp\/v2\/pages\/947#wpcf7-f951-o1\" method=\"post\" class=\"wpcf7-form init\" aria-label=\"Kontaktformular\" novalidate=\"novalidate\" data-status=\"init\">\n<fieldset class=\"hidden-fields-container\"><input type=\"hidden\" name=\"_wpcf7\" value=\"951\" \/><input type=\"hidden\" name=\"_wpcf7_version\" value=\"6.1.5\" \/><input type=\"hidden\" name=\"_wpcf7_locale\" value=\"de_DE\" \/><input type=\"hidden\" name=\"_wpcf7_unit_tag\" value=\"wpcf7-f951-o1\" \/><input type=\"hidden\" name=\"_wpcf7_container_post\" value=\"0\" \/><input type=\"hidden\" name=\"_wpcf7_posted_data_hash\" value=\"\" \/><input type=\"hidden\" name=\"_wpcf7_recaptcha_response\" value=\"\" \/>\n<\/fieldset>\n<p><label> Vorname <b style=\"color:#d1a6aa;\">*<\/b><br \/>\n<span class=\"wpcf7-form-control-wrap\" data-name=\"vorname\"><input size=\"40\" maxlength=\"400\" class=\"wpcf7-form-control wpcf7-text wpcf7-validates-as-required\" aria-required=\"true\" aria-invalid=\"false\" value=\"\" type=\"text\" name=\"vorname\" \/><\/span> <\/label>\n<\/p>\n<p><label> Nachname <b style=\"color:#d1a6aa;\">*<\/b><br \/>\n<span class=\"wpcf7-form-control-wrap\" data-name=\"nachname\"><input size=\"40\" maxlength=\"400\" class=\"wpcf7-form-control wpcf7-text wpcf7-validates-as-required\" aria-required=\"true\" aria-invalid=\"false\" value=\"\" type=\"text\" name=\"nachname\" \/><\/span> <\/label>\n<\/p>\n<p><label> E-Mail-Adresse <b style=\"color:#d1a6aa;\">*<\/b><br \/>\n<span class=\"wpcf7-form-control-wrap\" data-name=\"email\"><input size=\"40\" maxlength=\"400\" class=\"wpcf7-form-control wpcf7-email wpcf7-validates-as-required wpcf7-text wpcf7-validates-as-email\" aria-required=\"true\" aria-invalid=\"false\" value=\"\" type=\"email\" name=\"email\" \/><\/span> <\/label>\n<\/p>\n<p><label> Telefonnummer <b style=\"color:#d1a6aa;\">*<\/b><br \/>\n<span class=\"wpcf7-form-control-wrap\" data-name=\"tel\"><input size=\"40\" maxlength=\"400\" class=\"wpcf7-form-control wpcf7-tel wpcf7-validates-as-required wpcf7-text wpcf7-validates-as-tel\" aria-required=\"true\" aria-invalid=\"false\" value=\"\" type=\"tel\" name=\"tel\" \/><\/span> <\/label>\n<\/p>\n<p><label> Nachricht <b style=\"color:#d1a6aa;\">*<\/b><br \/>\n<span class=\"wpcf7-form-control-wrap\" data-name=\"nachricht\"><textarea cols=\"40\" rows=\"10\" maxlength=\"2000\" class=\"wpcf7-form-control wpcf7-textarea wpcf7-validates-as-required\" aria-required=\"true\" aria-invalid=\"false\" name=\"nachricht\"><\/textarea><\/span> <\/label>\n<\/p>\n<p><label><b style=\"color:#d1a6aa;\">*<\/b> Pflichtfeld<\/label>\n<\/p>\n<p><input class=\"wpcf7-form-control wpcf7-submit has-spinner\" type=\"submit\" value=\"Senden\" \/>\n<\/p><div class=\"wpcf7-response-output\" aria-hidden=\"true\"><\/div>\n<\/form>\n<\/div>\n<\/div><\/div> <\/div><\/div> <\/div><\/div>","protected":false},"excerpt":{"rendered":"<p>Die freie Trauung Ich freue mich, dass ihr mich hier auf meiner Seite besucht. Ihr werdet heiraten? Dazu m\u00f6chte ich euch ganz herzlich gratulieren! Nun beginnt die spannende Zeit der Hochzeitsvorbereitungen und es w\u00fcrde mich sehr freuen, wenn ich an eurer Seite stehen und eure Geschichte erz\u00e4hlen darf. Wie sich so eine freie Trauung mit&hellip; <br \/> <a class=\"read-more\" href=\"https:\/\/www.katharinaklutz.de\/hochzeit\/\">Read more<\/a><\/p>\n","protected":false},"author":2,"featured_media":0,"parent":0,"menu_order":0,"comment_status":"closed","ping_status":"closed","template":"page-templates\/homepage.php","meta":{"footnotes":""},"class_list":["post-947","page","type-page","status-publish","hentry"],"_links":{"self":[{"href":"https:\/\/www.katharinaklutz.de\/hochzeit\/wp-json\/wp\/v2\/pages\/947","targetHints":{"allow":["GET"]}}],"collection":[{"href":"https:\/\/www.katharinaklutz.de\/hochzeit\/wp-json\/wp\/v2\/pages"}],"about":[{"href":"https:\/\/www.katharinaklutz.de\/hochzeit\/wp-json\/wp\/v2\/types\/page"}],"author":[{"embeddable":true,"href":"https:\/\/www.katharinaklutz.de\/hochzeit\/wp-json\/wp\/v2\/users\/2"}],"replies":[{"embeddable":true,"href":"https:\/\/www.katharinaklutz.de\/hochzeit\/wp-json\/wp\/v2\/comments?post=947"}],"version-history":[{"count":45,"href":"https:\/\/www.katharinaklutz.de\/hochzeit\/wp-json\/wp\/v2\/pages\/947\/revisions"}],"predecessor-version":[{"id":1269,"href":"https:\/\/www.katharinaklutz.de\/hochzeit\/wp-json\/wp\/v2\/pages\/947\/revisions\/1269"}],"wp:attachment":[{"href":"https:\/\/www.katharinaklutz.de\/hochzeit\/wp-json\/wp\/v2\/media?parent=947"}],"curies":[{"name":"wp","href":"https:\/\/api.w.org\/{rel}","templated":true}]}}